{"id":2439,"date":"2017-08-30T17:15:40","date_gmt":"2017-08-30T14:15:40","guid":{"rendered":"https:\/\/www.borbolycsaba.ro\/ro\/?page_id=2439"},"modified":"2017-11-06T14:34:20","modified_gmt":"2017-11-06T12:34:20","slug":"dezvoltarea-si-modernizarea-invatamantului-general-si-superior","status":"publish","type":"page","link":"https:\/\/www.borbolycsaba.ro\/ro\/dezvoltarea-si-modernizarea-invatamantului-general-si-superior\/","title":{"rendered":"Dezvoltarea \u0219i modernizarea \u00eenv\u0103\u021b\u0103m\u00e2ntului general \u0219i superior"},"content":{"rendered":"<p lang=\"zxx\" align=\"justify\"><span style=\"font-family: Calibri, sans-serif;\"><span style=\"font-size: medium;\"><b><a href=\"https:\/\/www.borbolycsaba.ro\/ro\/wp-content\/uploads\/2017\/08\/file2.jpeg\"><img loading=\"lazy\" decoding=\"async\" class=\"alignnone size-large wp-image-2440\" src=\"https:\/\/www.borbolycsaba.ro\/ro\/wp-content\/uploads\/2017\/08\/file2-1024x768.jpeg\" alt=\"file2\" width=\"960\" height=\"720\" srcset=\"https:\/\/www.borbolycsaba.ro\/ro\/wp-content\/uploads\/2017\/08\/file2-1024x768.jpeg 1024w, https:\/\/www.borbolycsaba.ro\/ro\/wp-content\/uploads\/2017\/08\/file2-300x225.jpeg 300w, https:\/\/www.borbolycsaba.ro\/ro\/wp-content\/uploads\/2017\/08\/file2-768x576.jpeg 768w, https:\/\/www.borbolycsaba.ro\/ro\/wp-content\/uploads\/2017\/08\/file2-160x120.jpeg 160w\" sizes=\"(max-width: 960px) 100vw, 960px\" \/><\/a><\/b><\/span><\/span><span style=\"font-family: Calibri, sans-serif;\"><span style=\"font-size: medium;\"><strong><br \/>\n<\/strong><\/span><\/span><\/p>\n<p lang=\"zxx\" align=\"justify\"><span style=\"font-family: Calibri, sans-serif;\"><span style=\"font-size: medium;\"><strong>Proiectul de aviz al Comitetul Regiunilor va fi elaborat \u00een jude\u021bul Harghita<\/strong><br \/>\n<\/span><\/span><\/p>\n<p lang=\"zxx\"><span style=\"font-family: Calibri, sans-serif;\"><span style=\"font-size: medium;\"><span style=\"color: #000000;\">Borboly Csaba, pre\u0219edintele Consiliului Jude\u021bean Harghita va elabora un proiect de aviz despre dezvoltarea \u0219i modernizarea \u00eenv\u0103\u021b\u0103m\u00e2ntului general \u0219i superior, care va cuprinde analiza sistemului educa\u021bional, \u00eencep\u00e2nd de la gr\u0103dini\u021b\u0103 p\u00e2n\u0103 la universitate. \u00cen conformitate cu rapoartele anterioare privind tineretul, documentul va sublinia importan\u021ba \u00eenv\u0103\u021b\u0103m\u00e2ntului din mediul rural, precum \u0219i dezvoltarea \u00eenv\u0103\u021b\u0103m\u00e2ntului \u00een universit\u0103\u021bile regionale.<br \/>\n<\/span><\/span><\/span><\/p>\n<p lang=\"zxx\">&#8211; 21 Iulie 2017: Consultare cu reprezentan\u021bii Direc\u021biei General\u0103 pentru Educa\u021bie \u0219i Cultur\u0103 a Comisiei Europene<b><br \/>\n<\/b><\/p>\n<p class=\"m_2624544159778375751western\" lang=\"en-GB\">&#8211; 30 August 2017: Consultare cu reprezentan\u021bii liceelor din jude\u021bul Harghita \u0219i cu reprezentan\u021bii universit\u0103\u021bii Sapientia din Miercurea Ciuc<\/p>\n<p class=\"m_2624544159778375751western\" lang=\"en-GB\">&#8211; 6 Septembrie 2017: Consultare cu Krystina Lybacka, deputat \u00een Parlamentul European (PL), raportor pe tema\u00a0<i>Modernizarea educa\u021biei \u00een Uniunea European\u0103 <\/i>\u0219i\u00a0cu Momchil Nekov, deputat \u00een Parlamentul European (BL), raportor pe tema<i>\u00a0O nou\u0103 agend\u0103 pentru competen\u021be \u00een Europa<br \/>\n&#8211;\u00a0Consultare cu \u00dclle Kurvits, consultant \u00een proiecte de educa\u021bie (Estonia)<br \/>\n<\/i><\/p>\n<p><strong>Adoptarea proiectului de aviz:<\/strong><\/p>\n<p><em>Prima dezbatere al proiectului de aviz cu Comisia pentru educa\u021bie, tineret, cultur\u0103 \u0219i cercetare (SEDEC): 28 septembrie 2017<\/em><\/p>\n<p><em>Proiectul de aviz:<a href=\"https:\/\/www.borbolycsaba.ro\/ro\/wp-content\/uploads\/2017\/11\/COR-2017-03139-00-00-PAC-TRA-RO-1-1.docx\">\u00a0<\/a><\/em><strong>Modernizarea \u00eenv\u0103\u021b\u0103m\u00e2ntului preuniversitar \u015fi a \u00eenv\u0103\u021b\u0103m\u00e2ntului superior\u00a0<\/strong><\/p>\n<p><span style=\"font-family: Calibri, sans-serif;\"><span style=\"font-size: medium;\"><b><br \/>\nDocumente:<\/b><\/span><\/span><\/p>\n<p lang=\"zxx\" align=\"justify\"><a href=\"https:\/\/www.borbolycsaba.ro\/ro\/wp-content\/uploads\/2017\/08\/school-com-2017-248_en.pdf\"><span style=\"font-family: Calibri, sans-serif;\"><span style=\"font-size: medium;\">Communication from the European Commission on<i>\u00a0<\/i><i>School development and excellent teaching for a great start in life<\/i><\/span><\/span><\/a><\/p>\n<p lang=\"zxx\" align=\"justify\"><a href=\"https:\/\/www.borbolycsaba.ro\/ro\/wp-content\/uploads\/2017\/08\/he-com-2017-247_en.pdf\"><span style=\"font-family: Calibri, sans-serif;\"><span style=\"font-size: medium;\">Communication from the European Commission on\u00a0<i>a renewed EU agenda for higher education<\/i><\/span><\/span><\/a><\/p>\n<p lang=\"zxx\" align=\"justify\"><a href=\"https:\/\/www.borbolycsaba.ro\/ro\/wp-content\/uploads\/2017\/08\/graduate-com-2017-249_en.pdf\"><span style=\"font-family: Calibri, sans-serif;\"><span style=\"font-size: medium;\">Communication from the European Commission :<i>Proposal for a COUNCIL RECOMMENDATION on tracking graduates<\/i><\/span><\/span><\/a><\/p>\n<p lang=\"zxx\"><a href=\"https:\/\/www.borbolycsaba.ro\/wp-content\/uploads\/2017\/08\/2017-ETUCE-reaction-on-Graduate-tracking-to-CoR.pdf\"><span style=\"color: #1d2129;\"><span style=\"font-family: Calibri, sans-serif;\"><span style=\"font-size: medium;\">ETUCE reaction on Proposal for a Council Recommendation on Tracking Graduates<\/span><\/span><\/span><\/a><\/p>\n<p><a href=\"https:\/\/www.borbolycsaba.ro\/wp-content\/uploads\/2017\/08\/2017-ETUCE-reaction-on-School-development-to-CoR.docx.pdf\"><span style=\"color: #1d2129;\"><span style=\"font-family: Calibri, sans-serif;\"><span style=\"font-size: medium;\">ETUCE reaction on the European Communication\u2019s initiative on School development and excellent teaching for a great start in life<\/span><\/span><\/span><\/a><\/p>\n<p lang=\"zxx\"><a href=\"https:\/\/www.borbolycsaba.ro\/wp-content\/uploads\/2017\/08\/2017-ETUCE-reaction-on-Renewed-EU-agenda-on-HE-to-CoR.docx.pdf\"><span style=\"color: #1d2129;\"><span style=\"font-family: Calibri, sans-serif;\"><span style=\"font-size: medium;\">ETUCE reaction on Commission\u2019s communication on a renewed EU agenda for higher education<\/span><\/span><\/span><\/a><\/p>\n<div class=\"pvc_clear\"><\/div>\n<p id=\"pvc_stats_2439\" class=\"pvc_stats all  \" data-element-id=\"2439\" style=\"\"><i class=\"pvc-stats-icon medium\" aria-hidden=\"true\"><svg aria-hidden=\"true\" focusable=\"false\" data-prefix=\"far\" data-icon=\"chart-bar\" role=\"img\" xmlns=\"http:\/\/www.w3.org\/2000\/svg\" viewBox=\"0 0 512 512\" class=\"svg-inline--fa fa-chart-bar fa-w-16 fa-2x\"><path fill=\"currentColor\" d=\"M396.8 352h22.4c6.4 0 12.8-6.4 12.8-12.8V108.8c0-6.4-6.4-12.8-12.8-12.8h-22.4c-6.4 0-12.8 6.4-12.8 12.8v230.4c0 6.4 6.4 12.8 12.8 12.8zm-192 0h22.4c6.4 0 12.8-6.4 12.8-12.8V140.8c0-6.4-6.4-12.8-12.8-12.8h-22.4c-6.4 0-12.8 6.4-12.8 12.8v198.4c0 6.4 6.4 12.8 12.8 12.8zm96 0h22.4c6.4 0 12.8-6.4 12.8-12.8V204.8c0-6.4-6.4-12.8-12.8-12.8h-22.4c-6.4 0-12.8 6.4-12.8 12.8v134.4c0 6.4 6.4 12.8 12.8 12.8zM496 400H48V80c0-8.84-7.16-16-16-16H16C7.16 64 0 71.16 0 80v336c0 17.67 14.33 32 32 32h464c8.84 0 16-7.16 16-16v-16c0-8.84-7.16-16-16-16zm-387.2-48h22.4c6.4 0 12.8-6.4 12.8-12.8v-70.4c0-6.4-6.4-12.8-12.8-12.8h-22.4c-6.4 0-12.8 6.4-12.8 12.8v70.4c0 6.4 6.4 12.8 12.8 12.8z\" class=\"\"><\/path><\/svg><\/i> <img loading=\"lazy\" decoding=\"async\" width=\"16\" height=\"16\" alt=\"Loading\" src=\"https:\/\/www.borbolycsaba.ro\/ro\/wp-content\/plugins\/page-views-count\/ajax-loader-2x.gif\" border=0 \/><\/p>\n<div class=\"pvc_clear\"><\/div>\n<!-- AddThis Advanced Settings generic via filter on the_content -->","protected":false},"excerpt":{"rendered":"<p>Proiectul de aviz al Comitetul Regiunilor va fi elaborat \u00een jude\u021bul Harghita Borboly Csaba, pre\u0219edintele Consiliului Jude\u021bean Harghita va elabora un proiect de aviz despre dezvoltarea \u0219i modernizarea \u00eenv\u0103\u021b\u0103m\u00e2ntului general \u0219i superior, care va cuprinde analiza sistemului educa\u021bional, \u00eencep\u00e2nd de la gr\u0103dini\u021b\u0103 p\u00e2n\u0103 la universitate. \u00cen conformitate cu rapoartele anterioare privind tineretul, documentul va sublinia [&hellip;]<!-- AddThis Advanced Settings generic via filter on wp_trim_excerpt --><\/p>\n<div class=\"pvc_clear\"><\/div>\n<p id=\"pvc_stats_2439\" class=\"pvc_stats all  \" data-element-id=\"2439\" style=\"\"><i class=\"pvc-stats-icon medium\" aria-hidden=\"true\"><svg aria-hidden=\"true\" focusable=\"false\" data-prefix=\"far\" data-icon=\"chart-bar\" role=\"img\" xmlns=\"http:\/\/www.w3.org\/2000\/svg\" viewBox=\"0 0 512 512\" class=\"svg-inline--fa fa-chart-bar fa-w-16 fa-2x\"><path fill=\"currentColor\" d=\"M396.8 352h22.4c6.4 0 12.8-6.4 12.8-12.8V108.8c0-6.4-6.4-12.8-12.8-12.8h-22.4c-6.4 0-12.8 6.4-12.8 12.8v230.4c0 6.4 6.4 12.8 12.8 12.8zm-192 0h22.4c6.4 0 12.8-6.4 12.8-12.8V140.8c0-6.4-6.4-12.8-12.8-12.8h-22.4c-6.4 0-12.8 6.4-12.8 12.8v198.4c0 6.4 6.4 12.8 12.8 12.8zm96 0h22.4c6.4 0 12.8-6.4 12.8-12.8V204.8c0-6.4-6.4-12.8-12.8-12.8h-22.4c-6.4 0-12.8 6.4-12.8 12.8v134.4c0 6.4 6.4 12.8 12.8 12.8zM496 400H48V80c0-8.84-7.16-16-16-16H16C7.16 64 0 71.16 0 80v336c0 17.67 14.33 32 32 32h464c8.84 0 16-7.16 16-16v-16c0-8.84-7.16-16-16-16zm-387.2-48h22.4c6.4 0 12.8-6.4 12.8-12.8v-70.4c0-6.4-6.4-12.8-12.8-12.8h-22.4c-6.4 0-12.8 6.4-12.8 12.8v70.4c0 6.4 6.4 12.8 12.8 12.8z\" class=\"\"><\/path><\/svg><\/i> <img loading=\"lazy\" decoding=\"async\" width=\"16\" height=\"16\" alt=\"Loading\" src=\"https:\/\/www.borbolycsaba.ro\/ro\/wp-content\/plugins\/page-views-count\/ajax-loader-2x.gif\" border=0 \/><\/p>\n<div class=\"pvc_clear\"><\/div>\n","protected":false},"author":2,"featured_media":0,"parent":0,"menu_order":0,"comment_status":"closed","ping_status":"closed","template":"","meta":{"footnotes":""},"a3_pvc":{"activated":true,"total_views":924,"today_views":0},"_links":{"self":[{"href":"https:\/\/www.borbolycsaba.ro\/ro\/wp-json\/wp\/v2\/pages\/2439"}],"collection":[{"href":"https:\/\/www.borbolycsaba.ro\/ro\/wp-json\/wp\/v2\/pages"}],"about":[{"href":"https:\/\/www.borbolycsaba.ro\/ro\/wp-json\/wp\/v2\/types\/page"}],"author":[{"embeddable":true,"href":"https:\/\/www.borbolycsaba.ro\/ro\/wp-json\/wp\/v2\/users\/2"}],"replies":[{"embeddable":true,"href":"https:\/\/www.borbolycsaba.ro\/ro\/wp-json\/wp\/v2\/comments?post=2439"}],"version-history":[{"count":6,"href":"https:\/\/www.borbolycsaba.ro\/ro\/wp-json\/wp\/v2\/pages\/2439\/revisions"}],"predecessor-version":[{"id":2620,"href":"https:\/\/www.borbolycsaba.ro\/ro\/wp-json\/wp\/v2\/pages\/2439\/revisions\/2620"}],"wp:attachment":[{"href":"https:\/\/www.borbolycsaba.ro\/ro\/wp-json\/wp\/v2\/media?parent=2439"}],"curies":[{"name":"wp","href":"https:\/\/api.w.org\/{rel}","templated":true}]}}